{"id":4164,"date":"2024-10-25T22:21:24","date_gmt":"2024-10-25T22:21:24","guid":{"rendered":"https:\/\/www.vanderwallimmigration.com\/about-us\/sandra-perez-2\/"},"modified":"2026-01-12T04:07:09","modified_gmt":"2026-01-12T04:07:09","slug":"sandra-perez","status":"publish","type":"page","link":"https:\/\/www.vanderwallimmigration.com\/es\/sobre-nosotros\/sandra-perez\/","title":{"rendered":"Sandra Perez"},"content":{"rendered":"<h1>Sandra Perez<\/h1> \t<h2>Sobre Nosotros<\/h2> \t\t\t<a href=\"#contact-us\" title=\"Haz clic aqu\u00ed\" target=\"_self\"   role=\"button\" aria-label=\"Programar Una Cita\"> \t\t\t\t\t\t\tProgramar Una Cita \t\t<\/a> \t\t\t<p>Coordinadora de Eventos y Ventas<\/p> \t<h3> \t\t\t\tSandra Perez \t\t\t<\/h3> \t\t\t\t<img decoding=\"async\" src=\"https:\/\/www.vanderwallimmigration.com\/wp-content\/uploads\/2024\/10\/small-logo.jpg\" alt=\"small-logo\" itemprop=\"image\" height=\"124\" width=\"133\" title=\"small-logo\" onerror=\"this.style.display='none'\" loading=\"lazy\" \/> \t<p>Sandra naci\u00f3 y creci\u00f3 en el vibrante coraz\u00f3n de Los \u00c1ngeles, California. Desde peque\u00f1a, su primer idioma fue el Spanglish, y dominar tanto el ingl\u00e9s como el espa\u00f1ol fue un reto que enfrent\u00f3 con determinaci\u00f3n. Con el apoyo incondicional de sus padres, quienes siempre le recordaron la importancia de no olvidar sus ra\u00edces, Sandra super\u00f3 esas dificultades iniciales. Hoy, se siente orgullosa de ser biling\u00fce y aprovecha cada oportunidad para ayudar a otros mediante la traducci\u00f3n y la conexi\u00f3n entre culturas.<\/p> <p>En 2008, Sandra se mud\u00f3 a Oreg\u00f3n con su familia y r\u00e1pidamente se enamor\u00f3 de la belleza del Pac\u00edfico Noroeste. Asisti\u00f3 a Chemeketa Community College y a Western Oregon University, y est\u00e1 emocionada por regresar pronto a los estudios para seguir persiguiendo sus metas y sue\u00f1os.<\/p> <p>Sandra comenz\u00f3 su camino profesional en Vanderwall Immigration como asistente administrativa, luego avanz\u00f3 a paralegal, y ahora se desempe\u00f1a con orgullo como Coordinadora de Ventas y Alcance Comunitario. Su pasi\u00f3n est\u00e1 en salir a la comunidad, construir conexiones y difundir el mensaje de que Vanderwall Immigration est\u00e1 aqu\u00ed para ayudar. Cree firmemente en el poder de estar presente para los dem\u00e1s, y sus habilidades en ventas junto con su comprensi\u00f3n cultural la han convertido en una defensora poderosa para quienes navegan el proceso migratorio.<\/p> <p>Ya sea explorando nuevos senderos para caminar, probando un restaurante nuevo o viajando de regreso a California para visitar a sus seres queridos, Sandra aporta alegr\u00eda y energ\u00eda a todo lo que hace. Est\u00e1 comprometida a marcar una diferencia, no solo en la vida de las personas a las que sirve, sino tambi\u00e9n dentro del equipo de Vanderwall. Sandra cree que con coraz\u00f3n, unidad y trabajo duro, todo es posible.<\/p> <p>Idiomas: Ingles, Espa\u00f1ol<\/p> \t<h5> \t\t\t\tPrograme su consulta de inmigraci\u00f3n con un abogado de inmigraci\u00f3n \t\t\t<\/h5> \t\t\t\t<img decoding=\"async\" src=\"https:\/\/www.vanderwallimmigration.com\/wp-content\/uploads\/2025\/09\/2025-footer-banner-awards-layout.png\" alt=\"2025-footer-banner-awards-layout\" itemprop=\"image\" height=\"420\" width=\"600\" title=\"2025-footer-banner-awards-layout\" onerror=\"this.style.display='none'\" loading=\"lazy\" \/> \t<h5> \t\t\t\tsalga de las sombras. \t\t\t<\/h5> \t<h5> \t\t\t\tLl\u00e1menos hoy al \t\t\t<\/h5> \t\t\t<p><a href=\"tel:+15032068414\">+1 503-206-8414<\/a><\/p>\t \t\t\t<a href=\"https:\/\/www.vanderwallimmigration.com\/schedule-appointment\/\" title=\"Haz clic aqu\u00ed\" target=\"_self\"   role=\"button\" aria-label=\"Programar una cita\"> \t\t\t\t\t\t\tProgramar una cita \t\t<\/a>","protected":false},"excerpt":{"rendered":"<p>Sandra Perez Sobre Nosotros Programar Una Cita Coordinadora de Eventos y Ventas Sandra Perez Sandra naci\u00f3 y creci\u00f3 en el vibrante coraz\u00f3n de Los \u00c1ngeles, California. Desde peque\u00f1a, su primer idioma fue el Spanglish, y dominar tanto el ingl\u00e9s como el espa\u00f1ol fue un reto que enfrent\u00f3 con determinaci\u00f3n. Con el apoyo incondicional de sus [&hellip;]<\/p>\n","protected":false},"author":4,"featured_media":0,"parent":3979,"menu_order":0,"comment_status":"closed","ping_status":"open","template":"","meta":{"_acf_changed":false,"site-sidebar-layout":"no-sidebar","site-content-layout":"page-builder","ast-site-content-layout":"full-width-container","site-content-style":"unboxed","site-sidebar-style":"unboxed","ast-global-header-display":"","ast-banner-title-visibility":"","ast-main-header-display":"","ast-hfb-above-header-display":"","ast-hfb-below-header-display":"","ast-hfb-mobile-header-display":"","site-post-title":"disabled","ast-breadcrumbs-content":"","ast-featured-img":"disabled","footer-sml-layout":"","ast-disable-related-posts":"","theme-transparent-header-meta":"enabled","adv-header-id-meta":"","stick-header-meta":"","header-above-stick-meta":"","header-main-stick-meta":"","header-below-stick-meta":"","astra-migrate-meta-layouts":"set","ast-page-background-enabled":"default","ast-page-background-meta":{"desktop":{"background-color":"","background-image":"","background-repeat":"repeat","background-position":"center center","background-size":"auto","background-attachment":"scroll","background-type":"","background-media":"","overlay-type":"","overlay-color":"","overlay-opacity":"","overlay-gradient":""},"tablet":{"background-color":"","background-image":"","background-repeat":"repeat","background-position":"center center","background-size":"auto","background-attachment":"scroll","background-type":"","background-media":"","overlay-type":"","overlay-color":"","overlay-opacity":"","overlay-gradient":""},"mobile":{"background-color":"","background-image":"","background-repeat":"repeat","background-position":"center center","background-size":"auto","background-attachment":"scroll","background-type":"","background-media":"","overlay-type":"","overlay-color":"","overlay-opacity":"","overlay-gradient":""}},"ast-content-background-meta":{"desktop":{"background-color":"var(--ast-global-color-5)","background-image":"","background-repeat":"repeat","background-position":"center center","background-size":"auto","background-attachment":"scroll","background-type":"","background-media":"","overlay-type":"","overlay-color":"","overlay-opacity":"","overlay-gradient":""},"tablet":{"background-color":"var(--ast-global-color-5)","background-image":"","background-repeat":"repeat","background-position":"center center","background-size":"auto","background-attachment":"scroll","background-type":"","background-media":"","overlay-type":"","overlay-color":"","overlay-opacity":"","overlay-gradient":""},"mobile":{"background-color":"var(--ast-global-color-5)","background-image":"","background-repeat":"repeat","background-position":"center center","background-size":"auto","background-attachment":"scroll","background-type":"","background-media":"","overlay-type":"","overlay-color":"","overlay-opacity":"","overlay-gradient":""}},"footnotes":""},"class_list":["post-4164","page","type-page","status-publish","hentry"],"acf":[],"aioseo_notices":[],"_links":{"self":[{"href":"https:\/\/www.vanderwallimmigration.com\/es\/wp-json\/wp\/v2\/pages\/4164","targetHints":{"allow":["GET"]}}],"collection":[{"href":"https:\/\/www.vanderwallimmigration.com\/es\/wp-json\/wp\/v2\/pages"}],"about":[{"href":"https:\/\/www.vanderwallimmigration.com\/es\/wp-json\/wp\/v2\/types\/page"}],"author":[{"embeddable":true,"href":"https:\/\/www.vanderwallimmigration.com\/es\/wp-json\/wp\/v2\/users\/4"}],"replies":[{"embeddable":true,"href":"https:\/\/www.vanderwallimmigration.com\/es\/wp-json\/wp\/v2\/comments?post=4164"}],"version-history":[{"count":0,"href":"https:\/\/www.vanderwallimmigration.com\/es\/wp-json\/wp\/v2\/pages\/4164\/revisions"}],"up":[{"embeddable":true,"href":"https:\/\/www.vanderwallimmigration.com\/es\/wp-json\/wp\/v2\/pages\/3979"}],"wp:attachment":[{"href":"https:\/\/www.vanderwallimmigration.com\/es\/wp-json\/wp\/v2\/media?parent=4164"}],"curies":[{"name":"wp","href":"https:\/\/api.w.org\/{rel}","templated":true}]}}